{"id":16131,"date":"2025-01-10T10:52:18","date_gmt":"2025-01-10T10:52:18","guid":{"rendered":"https:\/\/uamd.edu.al\/?post_type=tribe_events&#038;p=16131"},"modified":"2025-01-10T10:52:18","modified_gmt":"2025-01-10T10:52:18","slug":"dita-nderkombetare-e-refugjateve","status":"publish","type":"tribe_events","link":"https:\/\/uamd.edu.al\/en\/event\/dita-nderkombetare-e-refugjateve\/","title":{"rendered":"Dita Nd\u00ebrkomb\u00ebtare e Refugjat\u00ebve"},"content":{"rendered":"<p>N\u00eb kuad\u00ebr t\u00eb Dit\u00ebs Nd\u00ebrkomb\u00ebtare t\u00eb Refugjat\u00ebve, UAMD organizon nj\u00eb aktivitet p\u00ebr t\u00eb rritur nd\u00ebrgjegj\u00ebsimin mbi situat\u00ebn e refugjat\u00ebve dhe r\u00ebnd\u00ebsin\u00eb e mbrojtjes s\u00eb t\u00eb drejtave t\u00eb tyre. Aktiviteti do t\u00eb p\u00ebrfshij\u00eb prezantime, diskutime dhe aktivitete edukative mbi sfidat q\u00eb p\u00ebrballen refugjat\u00ebt, si dhe mund\u00ebsit\u00eb p\u00ebr mb\u00ebshtetje dhe integrim t\u00eb tyre n\u00eb shoq\u00ebri.<\/p>","protected":false},"excerpt":{"rendered":"<p>N\u00eb kuad\u00ebr t\u00eb Dit\u00ebs Nd\u00ebrkomb\u00ebtare t\u00eb Refugjat\u00ebve, UAMD organizon nj\u00eb aktivitet p\u00ebr t\u00eb rritur nd\u00ebrgjegj\u00ebsimin mbi situat\u00ebn e refugjat\u00ebve dhe [&hellip;]<\/p>\n","protected":false},"author":1,"featured_media":0,"template":"","meta":{"_tribe_events_status":"","_tribe_events_status_reason":"","footnotes":""},"tags":[],"tribe_events_cat":[76],"class_list":["post-16131","tribe_events","type-tribe_events","status-publish","hentry","tribe_events_cat-evente","cat_evente"],"yoast_head":"<!-- This site is optimized with the Yoast SEO plugin v27.4 - https:\/\/yoast.com\/product\/yoast-seo-wordpress\/ -->\n<title>Dita Nd\u00ebrkomb\u00ebtare e Refugjat\u00ebve - Universiteti &quot;Aleksand\u00ebr Moisiu&quot;<\/title>\n<meta name=\"robots\" content=\"index, follow, max-snippet:-1, max-image-preview:large, max-video-preview:-1\" \/>\n<link rel=\"canonical\" href=\"https:\/\/uamd.edu.al\/en\/event\/dita-nderkombetare-e-refugjateve\/\" \/>\n<meta property=\"og:locale\" content=\"en_US\" \/>\n<meta property=\"og:type\" content=\"article\" \/>\n<meta property=\"og:title\" content=\"Dita Nd\u00ebrkomb\u00ebtare e Refugjat\u00ebve - Universiteti &quot;Aleksand\u00ebr Moisiu&quot;\" \/>\n<meta property=\"og:description\" content=\"N\u00eb kuad\u00ebr t\u00eb Dit\u00ebs Nd\u00ebrkomb\u00ebtare t\u00eb Refugjat\u00ebve, UAMD organizon nj\u00eb aktivitet p\u00ebr t\u00eb rritur nd\u00ebrgjegj\u00ebsimin mbi situat\u00ebn e refugjat\u00ebve dhe [&hellip;]\" \/>\n<meta property=\"og:url\" content=\"https:\/\/uamd.edu.al\/en\/event\/dita-nderkombetare-e-refugjateve\/\" \/>\n<meta property=\"og:site_name\" content=\"Universiteti &quot;Aleksand\u00ebr Moisiu&quot;\" \/>\n<meta property=\"article:publisher\" content=\"https:\/\/www.instagram.com\/uamdofficial\/\" \/>\n<meta name=\"twitter:card\" content=\"summary_large_image\" \/>\n<meta name=\"twitter:site\" content=\"@UAMDofficial\" \/>\n<meta name=\"twitter:label1\" content=\"Est. reading time\" \/>\n\t<meta name=\"twitter:data1\" content=\"1 minute\" \/>\n<script type=\"application\/ld+json\" class=\"yoast-schema-graph\">{\"@context\":\"https:\\\/\\\/schema.org\",\"@graph\":[{\"@type\":\"WebPage\",\"@id\":\"https:\\\/\\\/uamd.edu.al\\\/event\\\/dita-nderkombetare-e-refugjateve\\\/\",\"url\":\"https:\\\/\\\/uamd.edu.al\\\/event\\\/dita-nderkombetare-e-refugjateve\\\/\",\"name\":\"Dita Nd\u00ebrkomb\u00ebtare e Refugjat\u00ebve - Universiteti &quot;Aleksand\u00ebr Moisiu&quot;\",\"isPartOf\":{\"@id\":\"https:\\\/\\\/uamd.edu.al\\\/#website\"},\"datePublished\":\"2025-01-10T10:52:18+00:00\",\"breadcrumb\":{\"@id\":\"https:\\\/\\\/uamd.edu.al\\\/event\\\/dita-nderkombetare-e-refugjateve\\\/#breadcrumb\"},\"inLanguage\":\"en-US\",\"potentialAction\":[{\"@type\":\"ReadAction\",\"target\":[\"https:\\\/\\\/uamd.edu.al\\\/event\\\/dita-nderkombetare-e-refugjateve\\\/\"]}]},{\"@type\":\"BreadcrumbList\",\"@id\":\"https:\\\/\\\/uamd.edu.al\\\/event\\\/dita-nderkombetare-e-refugjateve\\\/#breadcrumb\",\"itemListElement\":[{\"@type\":\"ListItem\",\"position\":1,\"name\":\"Home\",\"item\":\"https:\\\/\\\/uamd.edu.al\\\/\"},{\"@type\":\"ListItem\",\"position\":2,\"name\":\"Events\",\"item\":\"https:\\\/\\\/uamd.edu.al\\\/events\\\/\"},{\"@type\":\"ListItem\",\"position\":3,\"name\":\"Dita Nd\u00ebrkomb\u00ebtare e Refugjat\u00ebve\"}]},{\"@type\":\"WebSite\",\"@id\":\"https:\\\/\\\/uamd.edu.al\\\/#website\",\"url\":\"https:\\\/\\\/uamd.edu.al\\\/\",\"name\":\"Universiteti &quot;Aleksand\u00ebr Moisiu&quot;\",\"description\":\"\",\"publisher\":{\"@id\":\"https:\\\/\\\/uamd.edu.al\\\/#organization\"},\"potentialAction\":[{\"@type\":\"SearchAction\",\"target\":{\"@type\":\"EntryPoint\",\"urlTemplate\":\"https:\\\/\\\/uamd.edu.al\\\/?s={search_term_string}\"},\"query-input\":{\"@type\":\"PropertyValueSpecification\",\"valueRequired\":true,\"valueName\":\"search_term_string\"}}],\"inLanguage\":\"en-US\"},{\"@type\":\"Organization\",\"@id\":\"https:\\\/\\\/uamd.edu.al\\\/#organization\",\"name\":\"Universiteti Aleksand\u00ebr Moisiu\",\"url\":\"https:\\\/\\\/uamd.edu.al\\\/\",\"logo\":{\"@type\":\"ImageObject\",\"inLanguage\":\"en-US\",\"@id\":\"https:\\\/\\\/uamd.edu.al\\\/#\\\/schema\\\/logo\\\/image\\\/\",\"url\":\"https:\\\/\\\/uamd.edu.al\\\/wp-content\\\/uploads\\\/2022\\\/07\\\/cropped-Universiteti_i_Durresit__Aleksander_Moisiu_.svg.png\",\"contentUrl\":\"https:\\\/\\\/uamd.edu.al\\\/wp-content\\\/uploads\\\/2022\\\/07\\\/cropped-Universiteti_i_Durresit__Aleksander_Moisiu_.svg.png\",\"width\":512,\"height\":512,\"caption\":\"Universiteti Aleksand\u00ebr Moisiu\"},\"image\":{\"@id\":\"https:\\\/\\\/uamd.edu.al\\\/#\\\/schema\\\/logo\\\/image\\\/\"},\"sameAs\":[\"https:\\\/\\\/www.instagram.com\\\/uamdofficial\\\/\",\"https:\\\/\\\/x.com\\\/UAMDofficial\"]}]}<\/script>\n<!-- \/ Yoast SEO plugin. -->","yoast_head_json":{"title":"Dita Nd\u00ebrkomb\u00ebtare e Refugjat\u00ebve - Universiteti &quot;Aleksand\u00ebr Moisiu&quot;","robots":{"index":"index","follow":"follow","max-snippet":"max-snippet:-1","max-image-preview":"max-image-preview:large","max-video-preview":"max-video-preview:-1"},"canonical":"https:\/\/uamd.edu.al\/en\/event\/dita-nderkombetare-e-refugjateve\/","og_locale":"en_US","og_type":"article","og_title":"Dita Nd\u00ebrkomb\u00ebtare e Refugjat\u00ebve - Universiteti &quot;Aleksand\u00ebr Moisiu&quot;","og_description":"N\u00eb kuad\u00ebr t\u00eb Dit\u00ebs Nd\u00ebrkomb\u00ebtare t\u00eb Refugjat\u00ebve, UAMD organizon nj\u00eb aktivitet p\u00ebr t\u00eb rritur nd\u00ebrgjegj\u00ebsimin mbi situat\u00ebn e refugjat\u00ebve dhe [&hellip;]","og_url":"https:\/\/uamd.edu.al\/en\/event\/dita-nderkombetare-e-refugjateve\/","og_site_name":"Universiteti &quot;Aleksand\u00ebr Moisiu&quot;","article_publisher":"https:\/\/www.instagram.com\/uamdofficial\/","twitter_card":"summary_large_image","twitter_site":"@UAMDofficial","twitter_misc":{"Est. reading time":"1 minute"},"schema":{"@context":"https:\/\/schema.org","@graph":[{"@type":"WebPage","@id":"https:\/\/uamd.edu.al\/event\/dita-nderkombetare-e-refugjateve\/","url":"https:\/\/uamd.edu.al\/event\/dita-nderkombetare-e-refugjateve\/","name":"Dita Nd\u00ebrkomb\u00ebtare e Refugjat\u00ebve - Universiteti &quot;Aleksand\u00ebr Moisiu&quot;","isPartOf":{"@id":"https:\/\/uamd.edu.al\/#website"},"datePublished":"2025-01-10T10:52:18+00:00","breadcrumb":{"@id":"https:\/\/uamd.edu.al\/event\/dita-nderkombetare-e-refugjateve\/#breadcrumb"},"inLanguage":"en-US","potentialAction":[{"@type":"ReadAction","target":["https:\/\/uamd.edu.al\/event\/dita-nderkombetare-e-refugjateve\/"]}]},{"@type":"BreadcrumbList","@id":"https:\/\/uamd.edu.al\/event\/dita-nderkombetare-e-refugjateve\/#breadcrumb","itemListElement":[{"@type":"ListItem","position":1,"name":"Home","item":"https:\/\/uamd.edu.al\/"},{"@type":"ListItem","position":2,"name":"Events","item":"https:\/\/uamd.edu.al\/events\/"},{"@type":"ListItem","position":3,"name":"Dita Nd\u00ebrkomb\u00ebtare e Refugjat\u00ebve"}]},{"@type":"WebSite","@id":"https:\/\/uamd.edu.al\/#website","url":"https:\/\/uamd.edu.al\/","name":"Universiteti &quot;Aleksand\u00ebr Moisiu&quot;","description":"","publisher":{"@id":"https:\/\/uamd.edu.al\/#organization"},"potentialAction":[{"@type":"SearchAction","target":{"@type":"EntryPoint","urlTemplate":"https:\/\/uamd.edu.al\/?s={search_term_string}"},"query-input":{"@type":"PropertyValueSpecification","valueRequired":true,"valueName":"search_term_string"}}],"inLanguage":"en-US"},{"@type":"Organization","@id":"https:\/\/uamd.edu.al\/#organization","name":"Universiteti Aleksand\u00ebr Moisiu","url":"https:\/\/uamd.edu.al\/","logo":{"@type":"ImageObject","inLanguage":"en-US","@id":"https:\/\/uamd.edu.al\/#\/schema\/logo\/image\/","url":"https:\/\/uamd.edu.al\/wp-content\/uploads\/2022\/07\/cropped-Universiteti_i_Durresit__Aleksander_Moisiu_.svg.png","contentUrl":"https:\/\/uamd.edu.al\/wp-content\/uploads\/2022\/07\/cropped-Universiteti_i_Durresit__Aleksander_Moisiu_.svg.png","width":512,"height":512,"caption":"Universiteti Aleksand\u00ebr Moisiu"},"image":{"@id":"https:\/\/uamd.edu.al\/#\/schema\/logo\/image\/"},"sameAs":["https:\/\/www.instagram.com\/uamdofficial\/","https:\/\/x.com\/UAMDofficial"]}]}},"_links":{"self":[{"href":"https:\/\/uamd.edu.al\/en\/wp-json\/wp\/v2\/tribe_events\/16131","targetHints":{"allow":["GET"]}}],"collection":[{"href":"https:\/\/uamd.edu.al\/en\/wp-json\/wp\/v2\/tribe_events"}],"about":[{"href":"https:\/\/uamd.edu.al\/en\/wp-json\/wp\/v2\/types\/tribe_events"}],"author":[{"embeddable":true,"href":"https:\/\/uamd.edu.al\/en\/wp-json\/wp\/v2\/users\/1"}],"version-history":[{"count":0,"href":"https:\/\/uamd.edu.al\/en\/wp-json\/wp\/v2\/tribe_events\/16131\/revisions"}],"wp:attachment":[{"href":"https:\/\/uamd.edu.al\/en\/wp-json\/wp\/v2\/media?parent=16131"}],"wp:term":[{"taxonomy":"post_tag","embeddable":true,"href":"https:\/\/uamd.edu.al\/en\/wp-json\/wp\/v2\/tags?post=16131"},{"taxonomy":"tribe_events_cat","embeddable":true,"href":"https:\/\/uamd.edu.al\/en\/wp-json\/wp\/v2\/tribe_events_cat?post=16131"}],"curies":[{"name":"wp","href":"https:\/\/api.w.org\/{rel}","templated":true}]}}