{"id":15898,"date":"2024-12-26T10:20:44","date_gmt":"2024-12-26T10:20:44","guid":{"rendered":"https:\/\/uamd.edu.al\/?post_type=tribe_events&#038;p=15898"},"modified":"2024-12-26T10:20:44","modified_gmt":"2024-12-26T10:20:44","slug":"venia-ne-skene-e-drames-ura-nga-studentet-e-masterit-profesional-dhe-shkencor-ne-mesuesi-te-gjuhes-shqipe-dhe-letersise","status":"publish","type":"tribe_events","link":"https:\/\/uamd.edu.al\/en\/event\/venia-ne-skene-e-drames-ura-nga-studentet-e-masterit-profesional-dhe-shkencor-ne-mesuesi-te-gjuhes-shqipe-dhe-letersise\/","title":{"rendered":"V\u00ebnia n\u00eb Skene e Dram\u00ebs &#8220;URA&#8221; nga Student\u00ebt e Masterit Profesional dhe Shkencor n\u00eb M\u00ebsuesi t\u00eb Gjuh\u00ebs Shqipe dhe Let\u00ebrsis\u00eb"},"content":{"rendered":"<p>N\u00eb muajin mars 2025, student\u00ebt e programit t\u00eb Masterit Profesional dhe Shkencor n\u00eb M\u00ebsuesi t\u00eb Gjuh\u00ebs Shqipe dhe Let\u00ebrsis\u00eb n\u00eb Fakultetin e Edukimit t\u00eb Universitetit t\u00eb Durr\u00ebsit do t\u00eb v\u00ebn\u00eb n\u00eb sken\u00eb dram\u00ebn <em>&#8220;URA&#8221;<\/em>. Ky aktivitet do t\u00eb jet\u00eb nj\u00eb mund\u00ebsi p\u00ebr student\u00ebt q\u00eb t\u00eb angazhohen n\u00eb zhvillimin e aft\u00ebsive t\u00eb tyre artistike dhe didaktike, duke shprehur p\u00ebrmes artit t\u00eb dram\u00ebs temat e r\u00ebnd\u00ebsishme t\u00eb jet\u00ebs shoq\u00ebrore dhe kulturore.<\/p>\n<p>Dram\u00eb q\u00eb shqyrton marr\u00ebdh\u00ebniet njer\u00ebzore, ndarjet dhe unitetin, do t\u00eb p\u00ebrfshij\u00eb nj\u00eb proces t\u00eb pasur krijues dhe bashk\u00ebpunues, ku student\u00ebt do t\u00eb punojn\u00eb s\u00eb bashku p\u00ebr t\u00eb sjell\u00eb n\u00eb sken\u00eb nj\u00eb interpretim t\u00eb thell\u00eb dhe t\u00eb ndjer\u00eb t\u00eb vepr\u00ebs. Ky aktivitet do t&#8217;u ofroj\u00eb student\u00ebve nj\u00eb mund\u00ebsi t\u00eb shk\u00eblqyer p\u00ebr t\u00eb p\u00ebrdorur njohurit\u00eb e tyre n\u00eb let\u00ebrsi dhe edukim, dhe p\u00ebr t\u00eb kontribuar n\u00eb zhvillimin e artit dhe kultur\u00ebs n\u00eb Universitetin e Durr\u00ebsit.<\/p>","protected":false},"excerpt":{"rendered":"<p>N\u00eb muajin mars 2025, student\u00ebt e programit t\u00eb Masterit Profesional dhe Shkencor n\u00eb M\u00ebsuesi t\u00eb Gjuh\u00ebs Shqipe dhe Let\u00ebrsis\u00eb n\u00eb [&hellip;]<\/p>\n","protected":false},"author":1,"featured_media":0,"template":"","meta":{"_tribe_events_status":"","_tribe_events_status_reason":"","footnotes":""},"tags":[],"tribe_events_cat":[76],"class_list":["post-15898","tribe_events","type-tribe_events","status-publish","hentry","tribe_events_cat-evente","cat_evente"],"yoast_head":"<!-- This site is optimized with the Yoast SEO plugin v27.4 - https:\/\/yoast.com\/product\/yoast-seo-wordpress\/ -->\n<title>V\u00ebnia n\u00eb Skene e Dram\u00ebs &quot;URA&quot; nga Student\u00ebt e Masterit Profesional dhe Shkencor n\u00eb M\u00ebsuesi t\u00eb Gjuh\u00ebs Shqipe dhe Let\u00ebrsis\u00eb - Universiteti &quot;Aleksand\u00ebr Moisiu&quot;<\/title>\n<meta name=\"robots\" content=\"index, follow, max-snippet:-1, max-image-preview:large, max-video-preview:-1\" \/>\n<link rel=\"canonical\" href=\"https:\/\/uamd.edu.al\/en\/event\/venia-ne-skene-e-drames-ura-nga-studentet-e-masterit-profesional-dhe-shkencor-ne-mesuesi-te-gjuhes-shqipe-dhe-letersise\/\" \/>\n<meta property=\"og:locale\" content=\"en_US\" \/>\n<meta property=\"og:type\" content=\"article\" \/>\n<meta property=\"og:title\" content=\"V\u00ebnia n\u00eb Skene e Dram\u00ebs &quot;URA&quot; nga Student\u00ebt e Masterit Profesional dhe Shkencor n\u00eb M\u00ebsuesi t\u00eb Gjuh\u00ebs Shqipe dhe Let\u00ebrsis\u00eb - Universiteti &quot;Aleksand\u00ebr Moisiu&quot;\" \/>\n<meta property=\"og:description\" content=\"N\u00eb muajin mars 2025, student\u00ebt e programit t\u00eb Masterit Profesional dhe Shkencor n\u00eb M\u00ebsuesi t\u00eb Gjuh\u00ebs Shqipe dhe Let\u00ebrsis\u00eb n\u00eb [&hellip;]\" \/>\n<meta property=\"og:url\" content=\"https:\/\/uamd.edu.al\/en\/event\/venia-ne-skene-e-drames-ura-nga-studentet-e-masterit-profesional-dhe-shkencor-ne-mesuesi-te-gjuhes-shqipe-dhe-letersise\/\" \/>\n<meta property=\"og:site_name\" content=\"Universiteti &quot;Aleksand\u00ebr Moisiu&quot;\" \/>\n<meta property=\"article:publisher\" content=\"https:\/\/www.instagram.com\/uamdofficial\/\" \/>\n<meta name=\"twitter:card\" content=\"summary_large_image\" \/>\n<meta name=\"twitter:site\" content=\"@UAMDofficial\" \/>\n<meta name=\"twitter:label1\" content=\"Est. reading time\" \/>\n\t<meta name=\"twitter:data1\" content=\"1 minute\" \/>\n<script type=\"application\/ld+json\" class=\"yoast-schema-graph\">{\"@context\":\"https:\\\/\\\/schema.org\",\"@graph\":[{\"@type\":\"WebPage\",\"@id\":\"https:\\\/\\\/uamd.edu.al\\\/event\\\/venia-ne-skene-e-drames-ura-nga-studentet-e-masterit-profesional-dhe-shkencor-ne-mesuesi-te-gjuhes-shqipe-dhe-letersise\\\/\",\"url\":\"https:\\\/\\\/uamd.edu.al\\\/event\\\/venia-ne-skene-e-drames-ura-nga-studentet-e-masterit-profesional-dhe-shkencor-ne-mesuesi-te-gjuhes-shqipe-dhe-letersise\\\/\",\"name\":\"V\u00ebnia n\u00eb Skene e Dram\u00ebs \\\"URA\\\" nga Student\u00ebt e Masterit Profesional dhe Shkencor n\u00eb M\u00ebsuesi t\u00eb Gjuh\u00ebs Shqipe dhe Let\u00ebrsis\u00eb - Universiteti &quot;Aleksand\u00ebr Moisiu&quot;\",\"isPartOf\":{\"@id\":\"https:\\\/\\\/uamd.edu.al\\\/#website\"},\"datePublished\":\"2024-12-26T10:20:44+00:00\",\"breadcrumb\":{\"@id\":\"https:\\\/\\\/uamd.edu.al\\\/event\\\/venia-ne-skene-e-drames-ura-nga-studentet-e-masterit-profesional-dhe-shkencor-ne-mesuesi-te-gjuhes-shqipe-dhe-letersise\\\/#breadcrumb\"},\"inLanguage\":\"en-US\",\"potentialAction\":[{\"@type\":\"ReadAction\",\"target\":[\"https:\\\/\\\/uamd.edu.al\\\/event\\\/venia-ne-skene-e-drames-ura-nga-studentet-e-masterit-profesional-dhe-shkencor-ne-mesuesi-te-gjuhes-shqipe-dhe-letersise\\\/\"]}]},{\"@type\":\"BreadcrumbList\",\"@id\":\"https:\\\/\\\/uamd.edu.al\\\/event\\\/venia-ne-skene-e-drames-ura-nga-studentet-e-masterit-profesional-dhe-shkencor-ne-mesuesi-te-gjuhes-shqipe-dhe-letersise\\\/#breadcrumb\",\"itemListElement\":[{\"@type\":\"ListItem\",\"position\":1,\"name\":\"Home\",\"item\":\"https:\\\/\\\/uamd.edu.al\\\/\"},{\"@type\":\"ListItem\",\"position\":2,\"name\":\"Events\",\"item\":\"https:\\\/\\\/uamd.edu.al\\\/events\\\/\"},{\"@type\":\"ListItem\",\"position\":3,\"name\":\"V\u00ebnia n\u00eb Skene e Dram\u00ebs &#8220;URA&#8221; nga Student\u00ebt e Masterit Profesional dhe Shkencor n\u00eb M\u00ebsuesi t\u00eb Gjuh\u00ebs Shqipe dhe Let\u00ebrsis\u00eb\"}]},{\"@type\":\"WebSite\",\"@id\":\"https:\\\/\\\/uamd.edu.al\\\/#website\",\"url\":\"https:\\\/\\\/uamd.edu.al\\\/\",\"name\":\"Universiteti &quot;Aleksand\u00ebr Moisiu&quot;\",\"description\":\"\",\"publisher\":{\"@id\":\"https:\\\/\\\/uamd.edu.al\\\/#organization\"},\"potentialAction\":[{\"@type\":\"SearchAction\",\"target\":{\"@type\":\"EntryPoint\",\"urlTemplate\":\"https:\\\/\\\/uamd.edu.al\\\/?s={search_term_string}\"},\"query-input\":{\"@type\":\"PropertyValueSpecification\",\"valueRequired\":true,\"valueName\":\"search_term_string\"}}],\"inLanguage\":\"en-US\"},{\"@type\":\"Organization\",\"@id\":\"https:\\\/\\\/uamd.edu.al\\\/#organization\",\"name\":\"Universiteti Aleksand\u00ebr Moisiu\",\"url\":\"https:\\\/\\\/uamd.edu.al\\\/\",\"logo\":{\"@type\":\"ImageObject\",\"inLanguage\":\"en-US\",\"@id\":\"https:\\\/\\\/uamd.edu.al\\\/#\\\/schema\\\/logo\\\/image\\\/\",\"url\":\"https:\\\/\\\/uamd.edu.al\\\/wp-content\\\/uploads\\\/2022\\\/07\\\/cropped-Universiteti_i_Durresit__Aleksander_Moisiu_.svg.png\",\"contentUrl\":\"https:\\\/\\\/uamd.edu.al\\\/wp-content\\\/uploads\\\/2022\\\/07\\\/cropped-Universiteti_i_Durresit__Aleksander_Moisiu_.svg.png\",\"width\":512,\"height\":512,\"caption\":\"Universiteti Aleksand\u00ebr Moisiu\"},\"image\":{\"@id\":\"https:\\\/\\\/uamd.edu.al\\\/#\\\/schema\\\/logo\\\/image\\\/\"},\"sameAs\":[\"https:\\\/\\\/www.instagram.com\\\/uamdofficial\\\/\",\"https:\\\/\\\/x.com\\\/UAMDofficial\"]}]}<\/script>\n<!-- \/ Yoast SEO plugin. -->","yoast_head_json":{"title":"V\u00ebnia n\u00eb Skene e Dram\u00ebs \"URA\" nga Student\u00ebt e Masterit Profesional dhe Shkencor n\u00eb M\u00ebsuesi t\u00eb Gjuh\u00ebs Shqipe dhe Let\u00ebrsis\u00eb - Universiteti &quot;Aleksand\u00ebr Moisiu&quot;","robots":{"index":"index","follow":"follow","max-snippet":"max-snippet:-1","max-image-preview":"max-image-preview:large","max-video-preview":"max-video-preview:-1"},"canonical":"https:\/\/uamd.edu.al\/en\/event\/venia-ne-skene-e-drames-ura-nga-studentet-e-masterit-profesional-dhe-shkencor-ne-mesuesi-te-gjuhes-shqipe-dhe-letersise\/","og_locale":"en_US","og_type":"article","og_title":"V\u00ebnia n\u00eb Skene e Dram\u00ebs \"URA\" nga Student\u00ebt e Masterit Profesional dhe Shkencor n\u00eb M\u00ebsuesi t\u00eb Gjuh\u00ebs Shqipe dhe Let\u00ebrsis\u00eb - Universiteti &quot;Aleksand\u00ebr Moisiu&quot;","og_description":"N\u00eb muajin mars 2025, student\u00ebt e programit t\u00eb Masterit Profesional dhe Shkencor n\u00eb M\u00ebsuesi t\u00eb Gjuh\u00ebs Shqipe dhe Let\u00ebrsis\u00eb n\u00eb [&hellip;]","og_url":"https:\/\/uamd.edu.al\/en\/event\/venia-ne-skene-e-drames-ura-nga-studentet-e-masterit-profesional-dhe-shkencor-ne-mesuesi-te-gjuhes-shqipe-dhe-letersise\/","og_site_name":"Universiteti &quot;Aleksand\u00ebr Moisiu&quot;","article_publisher":"https:\/\/www.instagram.com\/uamdofficial\/","twitter_card":"summary_large_image","twitter_site":"@UAMDofficial","twitter_misc":{"Est. reading time":"1 minute"},"schema":{"@context":"https:\/\/schema.org","@graph":[{"@type":"WebPage","@id":"https:\/\/uamd.edu.al\/event\/venia-ne-skene-e-drames-ura-nga-studentet-e-masterit-profesional-dhe-shkencor-ne-mesuesi-te-gjuhes-shqipe-dhe-letersise\/","url":"https:\/\/uamd.edu.al\/event\/venia-ne-skene-e-drames-ura-nga-studentet-e-masterit-profesional-dhe-shkencor-ne-mesuesi-te-gjuhes-shqipe-dhe-letersise\/","name":"V\u00ebnia n\u00eb Skene e Dram\u00ebs \"URA\" nga Student\u00ebt e Masterit Profesional dhe Shkencor n\u00eb M\u00ebsuesi t\u00eb Gjuh\u00ebs Shqipe dhe Let\u00ebrsis\u00eb - Universiteti &quot;Aleksand\u00ebr Moisiu&quot;","isPartOf":{"@id":"https:\/\/uamd.edu.al\/#website"},"datePublished":"2024-12-26T10:20:44+00:00","breadcrumb":{"@id":"https:\/\/uamd.edu.al\/event\/venia-ne-skene-e-drames-ura-nga-studentet-e-masterit-profesional-dhe-shkencor-ne-mesuesi-te-gjuhes-shqipe-dhe-letersise\/#breadcrumb"},"inLanguage":"en-US","potentialAction":[{"@type":"ReadAction","target":["https:\/\/uamd.edu.al\/event\/venia-ne-skene-e-drames-ura-nga-studentet-e-masterit-profesional-dhe-shkencor-ne-mesuesi-te-gjuhes-shqipe-dhe-letersise\/"]}]},{"@type":"BreadcrumbList","@id":"https:\/\/uamd.edu.al\/event\/venia-ne-skene-e-drames-ura-nga-studentet-e-masterit-profesional-dhe-shkencor-ne-mesuesi-te-gjuhes-shqipe-dhe-letersise\/#breadcrumb","itemListElement":[{"@type":"ListItem","position":1,"name":"Home","item":"https:\/\/uamd.edu.al\/"},{"@type":"ListItem","position":2,"name":"Events","item":"https:\/\/uamd.edu.al\/events\/"},{"@type":"ListItem","position":3,"name":"V\u00ebnia n\u00eb Skene e Dram\u00ebs &#8220;URA&#8221; nga Student\u00ebt e Masterit Profesional dhe Shkencor n\u00eb M\u00ebsuesi t\u00eb Gjuh\u00ebs Shqipe dhe Let\u00ebrsis\u00eb"}]},{"@type":"WebSite","@id":"https:\/\/uamd.edu.al\/#website","url":"https:\/\/uamd.edu.al\/","name":"Universiteti &quot;Aleksand\u00ebr Moisiu&quot;","description":"","publisher":{"@id":"https:\/\/uamd.edu.al\/#organization"},"potentialAction":[{"@type":"SearchAction","target":{"@type":"EntryPoint","urlTemplate":"https:\/\/uamd.edu.al\/?s={search_term_string}"},"query-input":{"@type":"PropertyValueSpecification","valueRequired":true,"valueName":"search_term_string"}}],"inLanguage":"en-US"},{"@type":"Organization","@id":"https:\/\/uamd.edu.al\/#organization","name":"Universiteti Aleksand\u00ebr Moisiu","url":"https:\/\/uamd.edu.al\/","logo":{"@type":"ImageObject","inLanguage":"en-US","@id":"https:\/\/uamd.edu.al\/#\/schema\/logo\/image\/","url":"https:\/\/uamd.edu.al\/wp-content\/uploads\/2022\/07\/cropped-Universiteti_i_Durresit__Aleksander_Moisiu_.svg.png","contentUrl":"https:\/\/uamd.edu.al\/wp-content\/uploads\/2022\/07\/cropped-Universiteti_i_Durresit__Aleksander_Moisiu_.svg.png","width":512,"height":512,"caption":"Universiteti Aleksand\u00ebr Moisiu"},"image":{"@id":"https:\/\/uamd.edu.al\/#\/schema\/logo\/image\/"},"sameAs":["https:\/\/www.instagram.com\/uamdofficial\/","https:\/\/x.com\/UAMDofficial"]}]}},"_links":{"self":[{"href":"https:\/\/uamd.edu.al\/en\/wp-json\/wp\/v2\/tribe_events\/15898","targetHints":{"allow":["GET"]}}],"collection":[{"href":"https:\/\/uamd.edu.al\/en\/wp-json\/wp\/v2\/tribe_events"}],"about":[{"href":"https:\/\/uamd.edu.al\/en\/wp-json\/wp\/v2\/types\/tribe_events"}],"author":[{"embeddable":true,"href":"https:\/\/uamd.edu.al\/en\/wp-json\/wp\/v2\/users\/1"}],"version-history":[{"count":0,"href":"https:\/\/uamd.edu.al\/en\/wp-json\/wp\/v2\/tribe_events\/15898\/revisions"}],"wp:attachment":[{"href":"https:\/\/uamd.edu.al\/en\/wp-json\/wp\/v2\/media?parent=15898"}],"wp:term":[{"taxonomy":"post_tag","embeddable":true,"href":"https:\/\/uamd.edu.al\/en\/wp-json\/wp\/v2\/tags?post=15898"},{"taxonomy":"tribe_events_cat","embeddable":true,"href":"https:\/\/uamd.edu.al\/en\/wp-json\/wp\/v2\/tribe_events_cat?post=15898"}],"curies":[{"name":"wp","href":"https:\/\/api.w.org\/{rel}","templated":true}]}}