{"id":15865,"date":"2024-12-24T10:39:14","date_gmt":"2024-12-24T10:39:14","guid":{"rendered":"https:\/\/uamd.edu.al\/?post_type=tribe_events&#038;p=15865"},"modified":"2024-12-24T10:39:14","modified_gmt":"2024-12-24T10:39:14","slug":"leksion-i-hapur-aktivizim-ne-art-me-harri-aleksi-uamd-durres","status":"publish","type":"tribe_events","link":"https:\/\/uamd.edu.al\/en\/event\/leksion-i-hapur-aktivizim-ne-art-me-harri-aleksi-uamd-durres\/","title":{"rendered":"Leksion i Hapur: &#8220;Aktivizim n\u00eb Art&#8221; me Harri Aleksi &#8211; UAMD Durr\u00ebs"},"content":{"rendered":"<p>N\u00eb muajin <strong>Janar 2025<\/strong>, Fakulteti i Edukimit i Universitetit &#8220;Aleksand\u00ebr Moisiu&#8221; Durr\u00ebs do t\u00eb organizoj\u00eb nj\u00eb <strong>leksion t\u00eb hapur<\/strong> me <strong>Harri Aleksi<\/strong>, me tem\u00ebn <strong>&#8220;Aktivizim n\u00eb Art&#8221;<\/strong>. Ky aktivitet do t\u00eb trajtoj\u00eb rolin e artit n\u00eb aktivizmin shoq\u00ebror, duke theksuar m\u00ebnyrat se si mund t\u00eb p\u00ebrdoret arti p\u00ebr t\u00eb ndikuar dhe ndryshuar realitete sociale dhe kulturore. Harri Aleksi do t\u00eb ndihmoj\u00eb student\u00ebt t\u00eb kuptojn\u00eb lidhjen mes artit dhe angazhimit shoq\u00ebror.<\/p>","protected":false},"excerpt":{"rendered":"<p>N\u00eb muajin Janar 2025, Fakulteti i Edukimit i Universitetit &#8220;Aleksand\u00ebr Moisiu&#8221; Durr\u00ebs do t\u00eb organizoj\u00eb nj\u00eb leksion t\u00eb hapur me [&hellip;]<\/p>\n","protected":false},"author":1,"featured_media":0,"template":"","meta":{"_tribe_events_status":"","_tribe_events_status_reason":"","footnotes":""},"tags":[],"tribe_events_cat":[76],"class_list":["post-15865","tribe_events","type-tribe_events","status-publish","hentry","tribe_events_cat-evente","cat_evente"],"yoast_head":"<!-- This site is optimized with the Yoast SEO plugin v27.5 - https:\/\/yoast.com\/product\/yoast-seo-wordpress\/ -->\n<title>Leksion i Hapur: &quot;Aktivizim n\u00eb Art&quot; me Harri Aleksi - UAMD Durr\u00ebs - Universiteti &quot;Aleksand\u00ebr Moisiu&quot;<\/title>\n<meta name=\"robots\" content=\"index, follow, max-snippet:-1, max-image-preview:large, max-video-preview:-1\" \/>\n<link rel=\"canonical\" href=\"https:\/\/uamd.edu.al\/en\/event\/leksion-i-hapur-aktivizim-ne-art-me-harri-aleksi-uamd-durres\/\" \/>\n<meta property=\"og:locale\" content=\"en_US\" \/>\n<meta property=\"og:type\" content=\"article\" \/>\n<meta property=\"og:title\" content=\"Leksion i Hapur: &quot;Aktivizim n\u00eb Art&quot; me Harri Aleksi - UAMD Durr\u00ebs - Universiteti &quot;Aleksand\u00ebr Moisiu&quot;\" \/>\n<meta property=\"og:description\" content=\"N\u00eb muajin Janar 2025, Fakulteti i Edukimit i Universitetit &#8220;Aleksand\u00ebr Moisiu&#8221; Durr\u00ebs do t\u00eb organizoj\u00eb nj\u00eb leksion t\u00eb hapur me [&hellip;]\" \/>\n<meta property=\"og:url\" content=\"https:\/\/uamd.edu.al\/en\/event\/leksion-i-hapur-aktivizim-ne-art-me-harri-aleksi-uamd-durres\/\" \/>\n<meta property=\"og:site_name\" content=\"Universiteti &quot;Aleksand\u00ebr Moisiu&quot;\" \/>\n<meta property=\"article:publisher\" content=\"https:\/\/www.instagram.com\/uamdofficial\/\" \/>\n<meta name=\"twitter:card\" content=\"summary_large_image\" \/>\n<meta name=\"twitter:site\" content=\"@UAMDofficial\" \/>\n<meta name=\"twitter:label1\" content=\"Est. reading time\" \/>\n\t<meta name=\"twitter:data1\" content=\"1 minute\" \/>\n<script type=\"application\/ld+json\" class=\"yoast-schema-graph\">{\"@context\":\"https:\\\/\\\/schema.org\",\"@graph\":[{\"@type\":\"WebPage\",\"@id\":\"https:\\\/\\\/uamd.edu.al\\\/event\\\/leksion-i-hapur-aktivizim-ne-art-me-harri-aleksi-uamd-durres\\\/\",\"url\":\"https:\\\/\\\/uamd.edu.al\\\/event\\\/leksion-i-hapur-aktivizim-ne-art-me-harri-aleksi-uamd-durres\\\/\",\"name\":\"Leksion i Hapur: \\\"Aktivizim n\u00eb Art\\\" me Harri Aleksi - UAMD Durr\u00ebs - Universiteti &quot;Aleksand\u00ebr Moisiu&quot;\",\"isPartOf\":{\"@id\":\"https:\\\/\\\/uamd.edu.al\\\/#website\"},\"datePublished\":\"2024-12-24T10:39:14+00:00\",\"breadcrumb\":{\"@id\":\"https:\\\/\\\/uamd.edu.al\\\/event\\\/leksion-i-hapur-aktivizim-ne-art-me-harri-aleksi-uamd-durres\\\/#breadcrumb\"},\"inLanguage\":\"en-US\",\"potentialAction\":[{\"@type\":\"ReadAction\",\"target\":[\"https:\\\/\\\/uamd.edu.al\\\/event\\\/leksion-i-hapur-aktivizim-ne-art-me-harri-aleksi-uamd-durres\\\/\"]}]},{\"@type\":\"BreadcrumbList\",\"@id\":\"https:\\\/\\\/uamd.edu.al\\\/event\\\/leksion-i-hapur-aktivizim-ne-art-me-harri-aleksi-uamd-durres\\\/#breadcrumb\",\"itemListElement\":[{\"@type\":\"ListItem\",\"position\":1,\"name\":\"Home\",\"item\":\"https:\\\/\\\/uamd.edu.al\\\/\"},{\"@type\":\"ListItem\",\"position\":2,\"name\":\"Events\",\"item\":\"https:\\\/\\\/uamd.edu.al\\\/events\\\/\"},{\"@type\":\"ListItem\",\"position\":3,\"name\":\"Leksion i Hapur: &#8220;Aktivizim n\u00eb Art&#8221; me Harri Aleksi &#8211; UAMD Durr\u00ebs\"}]},{\"@type\":\"WebSite\",\"@id\":\"https:\\\/\\\/uamd.edu.al\\\/#website\",\"url\":\"https:\\\/\\\/uamd.edu.al\\\/\",\"name\":\"Universiteti &quot;Aleksand\u00ebr Moisiu&quot;\",\"description\":\"\",\"publisher\":{\"@id\":\"https:\\\/\\\/uamd.edu.al\\\/#organization\"},\"potentialAction\":[{\"@type\":\"SearchAction\",\"target\":{\"@type\":\"EntryPoint\",\"urlTemplate\":\"https:\\\/\\\/uamd.edu.al\\\/?s={search_term_string}\"},\"query-input\":{\"@type\":\"PropertyValueSpecification\",\"valueRequired\":true,\"valueName\":\"search_term_string\"}}],\"inLanguage\":\"en-US\"},{\"@type\":\"Organization\",\"@id\":\"https:\\\/\\\/uamd.edu.al\\\/#organization\",\"name\":\"Universiteti Aleksand\u00ebr Moisiu\",\"url\":\"https:\\\/\\\/uamd.edu.al\\\/\",\"logo\":{\"@type\":\"ImageObject\",\"inLanguage\":\"en-US\",\"@id\":\"https:\\\/\\\/uamd.edu.al\\\/#\\\/schema\\\/logo\\\/image\\\/\",\"url\":\"https:\\\/\\\/uamd.edu.al\\\/wp-content\\\/uploads\\\/2022\\\/07\\\/cropped-Universiteti_i_Durresit__Aleksander_Moisiu_.svg.png\",\"contentUrl\":\"https:\\\/\\\/uamd.edu.al\\\/wp-content\\\/uploads\\\/2022\\\/07\\\/cropped-Universiteti_i_Durresit__Aleksander_Moisiu_.svg.png\",\"width\":512,\"height\":512,\"caption\":\"Universiteti Aleksand\u00ebr Moisiu\"},\"image\":{\"@id\":\"https:\\\/\\\/uamd.edu.al\\\/#\\\/schema\\\/logo\\\/image\\\/\"},\"sameAs\":[\"https:\\\/\\\/www.instagram.com\\\/uamdofficial\\\/\",\"https:\\\/\\\/x.com\\\/UAMDofficial\"]}]}<\/script>\n<!-- \/ Yoast SEO plugin. -->","yoast_head_json":{"title":"Leksion i Hapur: \"Aktivizim n\u00eb Art\" me Harri Aleksi - UAMD Durr\u00ebs - Universiteti &quot;Aleksand\u00ebr Moisiu&quot;","robots":{"index":"index","follow":"follow","max-snippet":"max-snippet:-1","max-image-preview":"max-image-preview:large","max-video-preview":"max-video-preview:-1"},"canonical":"https:\/\/uamd.edu.al\/en\/event\/leksion-i-hapur-aktivizim-ne-art-me-harri-aleksi-uamd-durres\/","og_locale":"en_US","og_type":"article","og_title":"Leksion i Hapur: \"Aktivizim n\u00eb Art\" me Harri Aleksi - UAMD Durr\u00ebs - Universiteti &quot;Aleksand\u00ebr Moisiu&quot;","og_description":"N\u00eb muajin Janar 2025, Fakulteti i Edukimit i Universitetit &#8220;Aleksand\u00ebr Moisiu&#8221; Durr\u00ebs do t\u00eb organizoj\u00eb nj\u00eb leksion t\u00eb hapur me [&hellip;]","og_url":"https:\/\/uamd.edu.al\/en\/event\/leksion-i-hapur-aktivizim-ne-art-me-harri-aleksi-uamd-durres\/","og_site_name":"Universiteti &quot;Aleksand\u00ebr Moisiu&quot;","article_publisher":"https:\/\/www.instagram.com\/uamdofficial\/","twitter_card":"summary_large_image","twitter_site":"@UAMDofficial","twitter_misc":{"Est. reading time":"1 minute"},"schema":{"@context":"https:\/\/schema.org","@graph":[{"@type":"WebPage","@id":"https:\/\/uamd.edu.al\/event\/leksion-i-hapur-aktivizim-ne-art-me-harri-aleksi-uamd-durres\/","url":"https:\/\/uamd.edu.al\/event\/leksion-i-hapur-aktivizim-ne-art-me-harri-aleksi-uamd-durres\/","name":"Leksion i Hapur: \"Aktivizim n\u00eb Art\" me Harri Aleksi - UAMD Durr\u00ebs - Universiteti &quot;Aleksand\u00ebr Moisiu&quot;","isPartOf":{"@id":"https:\/\/uamd.edu.al\/#website"},"datePublished":"2024-12-24T10:39:14+00:00","breadcrumb":{"@id":"https:\/\/uamd.edu.al\/event\/leksion-i-hapur-aktivizim-ne-art-me-harri-aleksi-uamd-durres\/#breadcrumb"},"inLanguage":"en-US","potentialAction":[{"@type":"ReadAction","target":["https:\/\/uamd.edu.al\/event\/leksion-i-hapur-aktivizim-ne-art-me-harri-aleksi-uamd-durres\/"]}]},{"@type":"BreadcrumbList","@id":"https:\/\/uamd.edu.al\/event\/leksion-i-hapur-aktivizim-ne-art-me-harri-aleksi-uamd-durres\/#breadcrumb","itemListElement":[{"@type":"ListItem","position":1,"name":"Home","item":"https:\/\/uamd.edu.al\/"},{"@type":"ListItem","position":2,"name":"Events","item":"https:\/\/uamd.edu.al\/events\/"},{"@type":"ListItem","position":3,"name":"Leksion i Hapur: &#8220;Aktivizim n\u00eb Art&#8221; me Harri Aleksi &#8211; UAMD Durr\u00ebs"}]},{"@type":"WebSite","@id":"https:\/\/uamd.edu.al\/#website","url":"https:\/\/uamd.edu.al\/","name":"Universiteti &quot;Aleksand\u00ebr Moisiu&quot;","description":"","publisher":{"@id":"https:\/\/uamd.edu.al\/#organization"},"potentialAction":[{"@type":"SearchAction","target":{"@type":"EntryPoint","urlTemplate":"https:\/\/uamd.edu.al\/?s={search_term_string}"},"query-input":{"@type":"PropertyValueSpecification","valueRequired":true,"valueName":"search_term_string"}}],"inLanguage":"en-US"},{"@type":"Organization","@id":"https:\/\/uamd.edu.al\/#organization","name":"Universiteti Aleksand\u00ebr Moisiu","url":"https:\/\/uamd.edu.al\/","logo":{"@type":"ImageObject","inLanguage":"en-US","@id":"https:\/\/uamd.edu.al\/#\/schema\/logo\/image\/","url":"https:\/\/uamd.edu.al\/wp-content\/uploads\/2022\/07\/cropped-Universiteti_i_Durresit__Aleksander_Moisiu_.svg.png","contentUrl":"https:\/\/uamd.edu.al\/wp-content\/uploads\/2022\/07\/cropped-Universiteti_i_Durresit__Aleksander_Moisiu_.svg.png","width":512,"height":512,"caption":"Universiteti Aleksand\u00ebr Moisiu"},"image":{"@id":"https:\/\/uamd.edu.al\/#\/schema\/logo\/image\/"},"sameAs":["https:\/\/www.instagram.com\/uamdofficial\/","https:\/\/x.com\/UAMDofficial"]}]}},"_links":{"self":[{"href":"https:\/\/uamd.edu.al\/en\/wp-json\/wp\/v2\/tribe_events\/15865","targetHints":{"allow":["GET"]}}],"collection":[{"href":"https:\/\/uamd.edu.al\/en\/wp-json\/wp\/v2\/tribe_events"}],"about":[{"href":"https:\/\/uamd.edu.al\/en\/wp-json\/wp\/v2\/types\/tribe_events"}],"author":[{"embeddable":true,"href":"https:\/\/uamd.edu.al\/en\/wp-json\/wp\/v2\/users\/1"}],"version-history":[{"count":0,"href":"https:\/\/uamd.edu.al\/en\/wp-json\/wp\/v2\/tribe_events\/15865\/revisions"}],"wp:attachment":[{"href":"https:\/\/uamd.edu.al\/en\/wp-json\/wp\/v2\/media?parent=15865"}],"wp:term":[{"taxonomy":"post_tag","embeddable":true,"href":"https:\/\/uamd.edu.al\/en\/wp-json\/wp\/v2\/tags?post=15865"},{"taxonomy":"tribe_events_cat","embeddable":true,"href":"https:\/\/uamd.edu.al\/en\/wp-json\/wp\/v2\/tribe_events_cat?post=15865"}],"curies":[{"name":"wp","href":"https:\/\/api.w.org\/{rel}","templated":true}]}}